{"id":1012,"date":"2019-02-09T14:14:33","date_gmt":"2019-02-09T13:14:33","guid":{"rendered":"https:\/\/www.dorotheedemonfreid.fr\/web\/accueil\/"},"modified":"2026-03-24T22:28:59","modified_gmt":"2026-03-24T21:28:59","slug":"accueil","status":"publish","type":"page","link":"https:\/\/www.dorotheedemonfreid.fr\/en\/","title":{"rendered":"Home"},"content":{"rendered":"<div class=\"wpb-content-wrapper\">[vc_row thb_full_width=&#8221;true&#8221; thb_row_padding=&#8221;true&#8221; thb_column_padding=&#8221;true&#8221; thb_color=&#8221;light-title&#8221; full_height=&#8221;yes&#8221; content_placement=&#8221;middle&#8221; parallax=&#8221;content-moving&#8221; parallax_image=&#8221;4959&#8243; thb_divider_position=&#8221;bottom&#8221; el_class=&#8221;align-center header-row&#8221; css=&#8221;.vc_custom_1774387722235{background-color: #ffffff !important;background-position: center;background-repeat: no-repeat !important;background-size: cover !important;}&#8221;][vc_column][vc_row_inner][vc_column_inner][vc_single_image img_size=&#8221;full&#8221; alignment=&#8221;center&#8221; onclick=&#8221;custom_link&#8221; link=&#8221;https:\/\/www.dorotheedemonfreid.fr\/en\/portfolio\/&#8221;][\/vc_column_inner][\/vc_row_inner][\/vc_column][\/vc_row][vc_row thb_full_width=&#8221;true&#8221; thb_row_padding=&#8221;true&#8221; thb_column_padding=&#8221;true&#8221; full_height=&#8221;yes&#8221; content_placement=&#8221;middle&#8221; parallax=&#8221;content-moving&#8221; parallax_image=&#8221;1880&#8243; parallax_speed_bg=&#8221;1.6&#8243; disable_element=&#8221;yes&#8221; thb_divider_position=&#8221;bottom&#8221; el_class=&#8221;align-center header-row&#8221; css=&#8221;.vc_custom_1597856538197{background-color: #ffffff !important;background-position: center;background-repeat: no-repeat !important;background-size: cover !important;}&#8221;][vc_column][vc_row_inner][vc_column_inner][vc_single_image img_size=&#8221;full&#8221; alignment=&#8221;center&#8221; onclick=&#8221;custom_link&#8221; link=&#8221;https:\/\/www.dorotheedemonfreid.fr\/en\/les-jeux-des-toutous\/&#8221;][\/vc_column_inner][\/vc_row_inner][\/vc_column][\/vc_row][vc_row thb_full_width=&#8221;true&#8221; thb_column_padding=&#8221;true&#8221; thb_color=&#8221;light-title&#8221; full_height=&#8221;yes&#8221; parallax=&#8221;content-moving&#8221; disable_element=&#8221;yes&#8221; thb_scroll_bottom=&#8221;true&#8221; thb_scroll_bottom_style=&#8221;style3&#8243; thb_divider_position=&#8221;bottom&#8221; el_class=&#8221;align-center header-row&#8221; css=&#8221;.vc_custom_1597856528460{background-position: center;background-repeat: no-repeat !important;background-size: cover !important;}&#8221;][vc_column]\t\t\t\t\t<div id=\"thb-image-slider-76\" class=\"thb-image-slider slick thb-image-slider-style1    dark-arrow  thb_full_height \" data-pagination=\"\" data-navigation=\"\" data-center=\"0\" data-columns=\"1\" data-infinite=\"true\" data-autoplay=\"true\" data-autoplay-speed=\"10000\">\n\t\t\t\t\t\t\t\t\t\t\t\t\t<figure style=\"background-image: url(https:\/\/www.dorotheedemonfreid.fr\/web\/wp-content\/uploads\/2019\/09\/toutous-a-paris-_-banc-public-1236x900.jpg);\">\n\t\t\t\t\t\t\t\t\t\t\t\t\t\t\t\t<\/figure>\n\t\t\t\t\t\t\t\t\t\t\t\t\t\t\t<figure style=\"background-image: url(https:\/\/www.dorotheedemonfreid.fr\/web\/wp-content\/uploads\/2019\/09\/toutous-a-paris-_-Beaubourg-1200x900.jpg);\">\n\t\t\t\t\t\t\t\t\t\t\t\t\t\t\t\t<\/figure>\n\t\t\t\t\t\t\t\t\t\t\t\t\t\t\t<figure style=\"background-image: url(https:\/\/www.dorotheedemonfreid.fr\/web\/wp-content\/uploads\/2019\/09\/toutous-a-paris-_-Louvre-1245x900.jpg);\">\n\t\t\t\t\t\t\t\t\t\t\t\t\t\t\t\t<\/figure>\n\t\t\t\t\t\t\t\t\t\t\t\t\t\t\t<figure style=\"background-image: url(https:\/\/www.dorotheedemonfreid.fr\/web\/wp-content\/uploads\/2019\/09\/toutous-a-paris-_-quai-seine-1200x900.jpg);\">\n\t\t\t\t\t\t\t\t\t\t\t\t\t\t\t\t<\/figure>\n\t\t\t\t\t\t\t\t\t\t\t<\/div>\n\t\t\t\t\t\t[\/vc_column][\/vc_row][vc_row thb_full_width=&#8221;true&#8221; thb_divider_position=&#8221;bottom&#8221;][vc_column][vc_row_inner el_class=&#8221;accueil-agenda&#8221;][vc_column_inner][vc_empty_space height=&#8221;28px&#8221;][vc_column_text]\n<h3 style=\"text-align: center;\"><span style=\"color: #000000;\"><a style=\"color: #000000;\" href=\".\/agenda\">AGENDA<\/a><\/span><\/h3>\n[\/vc_column_text]\t<div id=\"thb-posts-shortcode-69f3d6dbe5ff7\"  class=\"posts-shortcode align-stretch style1 row  posts-pagination-style2\" data-loadmore=\"#loadmore-448\" data-security=\"31d31a12e3\">\n\t\t\t\t\t\t\t<div class=\"small-12 medium-6 medium-6 large-3 columns\">\n\t<article itemscope itemtype=\"http:\/\/schema.org\/Article\" class=\"post style1 post-5851 type-post status-publish format-standard hentry category-agenda-infos tag-bande-dessinee tag-dedicaces\" role=\"article\">\n\t\t\t\t<aside class=\"post-category\">\n\t\t\t<a href=\"https:\/\/www.dorotheedemonfreid.fr\/en\/category\/agenda-infos\/\" rel=\"category tag\">Agenda<\/a>\t\t<\/aside>\n\t\t<header class=\"post-title entry-header\">\n\t\t\t<h4 class=\"entry-title\" itemprop=\"name headline\"><a href=\"https:\/\/www.dorotheedemonfreid.fr\/en\/bulles-dans-la-ville\/\" title=\"Des bulles dans la ville\">Des bulles dans la ville<\/a><\/h4>\t\t<\/header>\n\t\t<div class=\"post-content\">\n\t\t\n\t\t\t<div class=\"wpb-content-wrapper\">[vc_row thb_divider_position=&#8221;bottom&#8221;][vc_column][vc_column_text css=&#8221;&#8221;]<strong>Samedi 30 mai 2026 \u00e0 partir de 14:30<\/strong><\/p>\n<p>D\u00e9dicace de FANTAISIE LYRIQUE et autres albums dans le cadre du festival de bande dessin\u00e9e <a href=\"https:\/\/www.ville-antony.fr\/evenements\/festival-des-bulles-dans-la-ville\" target=\"_blank\" rel=\"noopener\">Des bulles dans la ville,<\/a> espace Vasarely, place des Anciens Combattants d&#8217;Afrique du Nord, 92160 Antony.<\/p>\n<div class=\"M2Cv8e hP3ybd\"><\/div>\n[\/vc_column_text][\/vc_column][\/vc_row]\n<\/div>\t\t<\/div>\n\t\t<aside class=\"post-meta\">\n\t\t\t<a href=\"https:\/\/www.dorotheedemonfreid.fr\/en\/author\/d0rothy2m_4dm1n\/\" title=\"Posts by Doroth\u00e9e\" rel=\"author\">Doroth\u00e9e<\/a> on 30 May 2026\t\t<\/aside>\n\t\t\t<aside class=\"post-bottom-meta hide\">\n\t\t<strong rel=\"author\" itemprop=\"author\" class=\"author\"><a href=\"https:\/\/www.dorotheedemonfreid.fr\/en\/author\/d0rothy2m_4dm1n\/\" title=\"Posts by Doroth\u00e9e\" rel=\"author\">Doroth\u00e9e<\/a><\/strong>\n\t\t<time class=\"date published time\" datetime=\"2026-05-30T11:00:30+02:00\" itemprop=\"datePublished\" content=\"2026-05-30T11:00:30+02:00\">2026-05-30T11:00:30+02:00<\/time>\n\t\t<meta itemprop=\"dateModified\" class=\"date updated\" content=\"2026-03-15T20:51:11+01:00\">\n\t\t<span class=\"hide\" itemprop=\"publisher\" itemscope itemtype=\"https:\/\/schema.org\/Organization\">\n\t\t\t<meta itemprop=\"name\" content=\"Doroth\u00e9e de Monfreid\">\n\t\t\t<span itemprop=\"logo\" itemscope itemtype=\"https:\/\/schema.org\/ImageObject\">\n\t\t\t\t<meta itemprop=\"url\" content=\"https:\/\/www.dorotheedemonfreid.fr\/web\/wp-content\/uploads\/2019\/04\/SignatureFeutre-noir.png\">\n\t\t\t<\/span>\n\t\t\t<meta itemprop=\"url\" content=\"https:\/\/www.dorotheedemonfreid.fr\/en\/\">\n\t\t<\/span>\n\t\t\t\t<meta itemscope itemprop=\"mainEntityOfPage\" itemtype=\"https:\/\/schema.org\/WebPage\" itemid=\"https:\/\/www.dorotheedemonfreid.fr\/en\/bulles-dans-la-ville\/\">\n\t<\/aside>\n\t\t<\/article>\n<\/div>\n\t\t\t\t\t\t\t\t\t<div class=\"small-12 medium-6 medium-6 large-3 columns\">\n\t<article itemscope itemtype=\"http:\/\/schema.org\/Article\" class=\"post style1 post-5815 type-post status-publish format-standard hentry category-agenda-infos tag-bande-dessinee tag-dedicaces\" role=\"article\">\n\t\t\t\t<aside class=\"post-category\">\n\t\t\t<a href=\"https:\/\/www.dorotheedemonfreid.fr\/en\/category\/agenda-infos\/\" rel=\"category tag\">Agenda<\/a>\t\t<\/aside>\n\t\t<header class=\"post-title entry-header\">\n\t\t\t<h4 class=\"entry-title\" itemprop=\"name headline\"><a href=\"https:\/\/www.dorotheedemonfreid.fr\/en\/festival-livre-paris-2026\/\" title=\"Festival du Livre de Paris\">Festival du Livre de Paris<\/a><\/h4>\t\t<\/header>\n\t\t<div class=\"post-content\">\n\t\t\n\t\t\t<div class=\"wpb-content-wrapper\">[vc_row thb_divider_position=&#8221;bottom&#8221;][vc_column][vc_column_text css=&#8221;&#8221;]<strong>Samedi 18 avril 2026<br \/>\n<\/strong><\/p>\n<p>\u2022 de 10:30 \u00e0 12:30, d\u00e9dicace du SUPER LIVRE DE CONTES DE TOUTOUS et autres albums jeunesse sur le stand de l&#8217;\u00e9cole des loisirs.<\/p>\n<p>\u2022 de 13:00 \u00e0 14:30, d\u00e9dicace de FANTAISIE LYRIQUE sur le stand de Dargaud-Charivari<\/p>\n<p><a href=\"https:\/\/www.festivaldulivredeparis.fr\/\" target=\"_blank\" rel=\"noopener\">Festival du Livre de Paris,<\/a> Grand Palais, 7 avenue Winston Churchill, 75008 Paris.[\/vc_column_text][\/vc_column][\/vc_row]\n<\/div>\t\t<\/div>\n\t\t<aside class=\"post-meta\">\n\t\t\t<a href=\"https:\/\/www.dorotheedemonfreid.fr\/en\/author\/d0rothy2m_4dm1n\/\" title=\"Posts by Doroth\u00e9e\" rel=\"author\">Doroth\u00e9e<\/a> on 18 April 2026\t\t<\/aside>\n\t\t\t<aside class=\"post-bottom-meta hide\">\n\t\t<strong rel=\"author\" itemprop=\"author\" class=\"author\"><a href=\"https:\/\/www.dorotheedemonfreid.fr\/en\/author\/d0rothy2m_4dm1n\/\" title=\"Posts by Doroth\u00e9e\" rel=\"author\">Doroth\u00e9e<\/a><\/strong>\n\t\t<time class=\"date published time\" datetime=\"2026-04-18T11:00:30+02:00\" itemprop=\"datePublished\" content=\"2026-04-18T11:00:30+02:00\">2026-04-18T11:00:30+02:00<\/time>\n\t\t<meta itemprop=\"dateModified\" class=\"date updated\" content=\"2026-03-20T17:06:50+01:00\">\n\t\t<span class=\"hide\" itemprop=\"publisher\" itemscope itemtype=\"https:\/\/schema.org\/Organization\">\n\t\t\t<meta itemprop=\"name\" content=\"Doroth\u00e9e de Monfreid\">\n\t\t\t<span itemprop=\"logo\" itemscope itemtype=\"https:\/\/schema.org\/ImageObject\">\n\t\t\t\t<meta itemprop=\"url\" content=\"https:\/\/www.dorotheedemonfreid.fr\/web\/wp-content\/uploads\/2019\/04\/SignatureFeutre-noir.png\">\n\t\t\t<\/span>\n\t\t\t<meta itemprop=\"url\" content=\"https:\/\/www.dorotheedemonfreid.fr\/en\/\">\n\t\t<\/span>\n\t\t\t\t<meta itemscope itemprop=\"mainEntityOfPage\" itemtype=\"https:\/\/schema.org\/WebPage\" itemid=\"https:\/\/www.dorotheedemonfreid.fr\/en\/festival-livre-paris-2026\/\">\n\t<\/aside>\n\t\t<\/article>\n<\/div>\n\t\t\t\t\t\t\t\t\t<div class=\"small-12 medium-6 medium-6 large-3 columns\">\n\t<article itemscope itemtype=\"http:\/\/schema.org\/Article\" class=\"post style1 post-5813 type-post status-publish format-standard hentry category-agenda-infos tag-bande-dessinee tag-dedicaces\" role=\"article\">\n\t\t\t\t<aside class=\"post-category\">\n\t\t\t<a href=\"https:\/\/www.dorotheedemonfreid.fr\/en\/category\/agenda-infos\/\" rel=\"category tag\">Agenda<\/a>\t\t<\/aside>\n\t\t<header class=\"post-title entry-header\">\n\t\t\t<h4 class=\"entry-title\" itemprop=\"name headline\"><a href=\"https:\/\/www.dorotheedemonfreid.fr\/en\/livre-a-metz-2026\/\" title=\"Le livre \u00e0 Metz\">Le livre \u00e0 Metz<\/a><\/h4>\t\t<\/header>\n\t\t<div class=\"post-content\">\n\t\t\n\t\t\t<div class=\"wpb-content-wrapper\">[vc_row thb_divider_position=&#8221;bottom&#8221;][vc_column][vc_column_text css=&#8221;&#8221;]<strong>Samedi 11 et dimanche 12 avril 2026<\/strong><\/p>\n<p>D\u00e9dicaces de FANTAISIE LYRIQUE (stand librairie Hisler le samedi apr\u00e8s-midi), du SUPER LIVRE DE CONTES DE TOUTOUS (stand libraire le Pr\u00e9au le dimanche) et de plein d&#8217;autres albums dans le cadre du salon <a href=\"https:\/\/www.lelivreametz.com\/\" target=\"_blank\" rel=\"noopener\">Le livre \u00e0 Metz,<\/a> place de la R\u00e9publique \u00e0 Metz.[\/vc_column_text][\/vc_column][\/vc_row]\n<\/div>\t\t<\/div>\n\t\t<aside class=\"post-meta\">\n\t\t\t<a href=\"https:\/\/www.dorotheedemonfreid.fr\/en\/author\/d0rothy2m_4dm1n\/\" title=\"Posts by Doroth\u00e9e\" rel=\"author\">Doroth\u00e9e<\/a> on 11 April 2026\t\t<\/aside>\n\t\t\t<aside class=\"post-bottom-meta hide\">\n\t\t<strong rel=\"author\" itemprop=\"author\" class=\"author\"><a href=\"https:\/\/www.dorotheedemonfreid.fr\/en\/author\/d0rothy2m_4dm1n\/\" title=\"Posts by Doroth\u00e9e\" rel=\"author\">Doroth\u00e9e<\/a><\/strong>\n\t\t<time class=\"date published time\" datetime=\"2026-04-11T11:00:30+02:00\" itemprop=\"datePublished\" content=\"2026-04-11T11:00:30+02:00\">2026-04-11T11:00:30+02:00<\/time>\n\t\t<meta itemprop=\"dateModified\" class=\"date updated\" content=\"2026-02-12T09:42:42+01:00\">\n\t\t<span class=\"hide\" itemprop=\"publisher\" itemscope itemtype=\"https:\/\/schema.org\/Organization\">\n\t\t\t<meta itemprop=\"name\" content=\"Doroth\u00e9e de Monfreid\">\n\t\t\t<span itemprop=\"logo\" itemscope itemtype=\"https:\/\/schema.org\/ImageObject\">\n\t\t\t\t<meta itemprop=\"url\" content=\"https:\/\/www.dorotheedemonfreid.fr\/web\/wp-content\/uploads\/2019\/04\/SignatureFeutre-noir.png\">\n\t\t\t<\/span>\n\t\t\t<meta itemprop=\"url\" content=\"https:\/\/www.dorotheedemonfreid.fr\/en\/\">\n\t\t<\/span>\n\t\t\t\t<meta itemscope itemprop=\"mainEntityOfPage\" itemtype=\"https:\/\/schema.org\/WebPage\" itemid=\"https:\/\/www.dorotheedemonfreid.fr\/en\/livre-a-metz-2026\/\">\n\t<\/aside>\n\t\t<\/article>\n<\/div>\n\t\t\t\t\t\t\t\t\t<div class=\"small-12 medium-6 medium-6 large-3 columns\">\n\t<article itemscope itemtype=\"http:\/\/schema.org\/Article\" class=\"post style1 post-5809 type-post status-publish format-standard hentry category-agenda-infos tag-bande-dessinee tag-dedicaces\" role=\"article\">\n\t\t\t\t<aside class=\"post-category\">\n\t\t\t<a href=\"https:\/\/www.dorotheedemonfreid.fr\/en\/category\/agenda-infos\/\" rel=\"category tag\">Agenda<\/a>\t\t<\/aside>\n\t\t<header class=\"post-title entry-header\">\n\t\t\t<h4 class=\"entry-title\" itemprop=\"name headline\"><a href=\"https:\/\/www.dorotheedemonfreid.fr\/en\/sevrierbd-2026\/\" title=\"Sevrier BD\">Sevrier BD<\/a><\/h4>\t\t<\/header>\n\t\t<div class=\"post-content\">\n\t\t\n\t\t\t<div class=\"wpb-content-wrapper\">[vc_row thb_divider_position=&#8221;bottom&#8221;][vc_column][vc_column_text css=&#8221;&#8221;]<strong>Samedi 28 et dimanche 29 mars 2026<\/strong><\/p>\n<p>D\u00e9dicaces de FANTAISIE LYRIQUE, du SUPER LIVRE DE CONTES DE TOUTOUS et de plein d&#8217;autres albums dans le cadre du\u00a0salon BD du lac d&#8217;Annecy.<\/p>\n<p><a href=\"https:\/\/sevrierbd.com\/\" target=\"_blank\" rel=\"noopener\">Sevrier BD,<\/a> Complexe d\u2019Animation de Sevrier, 2000 route d\u2019Albertville, 74320 Sevrier-lac d&#8217;Annecy.[\/vc_column_text][\/vc_column][\/vc_row]\n<\/div>\t\t<\/div>\n\t\t<aside class=\"post-meta\">\n\t\t\t<a href=\"https:\/\/www.dorotheedemonfreid.fr\/en\/author\/d0rothy2m_4dm1n\/\" title=\"Posts by Doroth\u00e9e\" rel=\"author\">Doroth\u00e9e<\/a> on 28 March 2026\t\t<\/aside>\n\t\t\t<aside class=\"post-bottom-meta hide\">\n\t\t<strong rel=\"author\" itemprop=\"author\" class=\"author\"><a href=\"https:\/\/www.dorotheedemonfreid.fr\/en\/author\/d0rothy2m_4dm1n\/\" title=\"Posts by Doroth\u00e9e\" rel=\"author\">Doroth\u00e9e<\/a><\/strong>\n\t\t<time class=\"date published time\" datetime=\"2026-03-28T11:00:30+01:00\" itemprop=\"datePublished\" content=\"2026-03-28T11:00:30+01:00\">2026-03-28T11:00:30+01:00<\/time>\n\t\t<meta itemprop=\"dateModified\" class=\"date updated\" content=\"2026-03-31T13:03:12+02:00\">\n\t\t<span class=\"hide\" itemprop=\"publisher\" itemscope itemtype=\"https:\/\/schema.org\/Organization\">\n\t\t\t<meta itemprop=\"name\" content=\"Doroth\u00e9e de Monfreid\">\n\t\t\t<span itemprop=\"logo\" itemscope itemtype=\"https:\/\/schema.org\/ImageObject\">\n\t\t\t\t<meta itemprop=\"url\" content=\"https:\/\/www.dorotheedemonfreid.fr\/web\/wp-content\/uploads\/2019\/04\/SignatureFeutre-noir.png\">\n\t\t\t<\/span>\n\t\t\t<meta itemprop=\"url\" content=\"https:\/\/www.dorotheedemonfreid.fr\/en\/\">\n\t\t<\/span>\n\t\t\t\t<meta itemscope itemprop=\"mainEntityOfPage\" itemtype=\"https:\/\/schema.org\/WebPage\" itemid=\"https:\/\/www.dorotheedemonfreid.fr\/en\/sevrierbd-2026\/\">\n\t<\/aside>\n\t\t<\/article>\n<\/div>\n\t\t\t\t\t<\/div>\n\t\t\t\t<div class=\"row\">\n\t\t<div class=\"small-12 columns text-center\">\n\t\t\t<a href=\"#\" class=\"thb_load_more masonry_btn btn\" title=\"Load More\" data-posts-id=\"448\" id=\"loadmore-448\">Load More<\/a>\n\t\t<\/div>\n\t<\/div>\n\t\t[vc_empty_space height=&#8221;25px&#8221;]\t<div id=\"thb-image-69f3d6dbf28d1\" class=\"caption-style1 animation fade-in aligncenter   thb_image_link wp-caption\">\n\t\t\t<div class=\"thb-image-inner size_100\">\n\t\t\t<img decoding=\"async\" class=\"thb_image   thb-ignore-lazyload \" src=\"https:\/\/www.dorotheedemonfreid.fr\/web\/wp-content\/uploads\/2019\/04\/chien1-150x150.png\" width=\"150\" height=\"150\" alt=\"chien1\" title=\"chien1\" loading=\"lazy\" \/>\n\t\t<\/div>\n\t\t\t\t\t<\/div>\n\t[vc_empty_space height=&#8221;25px&#8221;][\/vc_column_inner][\/vc_row_inner][\/vc_column][\/vc_row][vc_row thb_full_width=&#8221;true&#8221; thb_divider_position=&#8221;bottom&#8221; css=&#8221;.vc_custom_1736854040912{padding-right: 20px !important;padding-left: 20px !important;}&#8221; el_class=&#8221;last-parutions accueil-last-parutions&#8221;][vc_column][vc_row_inner el_class=&#8221;accueil-edition&#8221;][vc_column_inner][vc_empty_space height=&#8221;25px&#8221;][vc_column_text]\n<h3 style=\"text-align: center;\"><span style=\"color: #333333;\"><a style=\"color: #333333;\" href=\".\/portfolio\">LAST RELEASES<\/a><\/span><\/h3>\n[\/vc_column_text]\t\t\t\t<div class=\"row expanded thb-portfolio masonry masonry-style1 thb-filter-style1 style2    \" id=\"portfolio-section-394\" data-thb-animation=\"thb-scale\" data-loadmore=\"#loadmore-394\" data-filter=\"thb-filter-394\" data-layoutmode=\"\" data-thb-animation-speed=\"0.3\" data-grid-type=\"4\" data-security=\"d57f9ebf0f\">\n\t\t\t<a href=\"https:\/\/www.dorotheedemonfreid.fr\/en\/a-la-mere-de-famille-advent-calendar\/\" class=\"columns type-portfolio medium-4 large-2 thb-scale   thb-cat-et-aussi-en thb-cat-livres-en style2 post-5641 portfolio status-publish has-post-thumbnail hentry tag-et-aussi-en tag-for-all portfolio-category-et-aussi-en portfolio-category-livres-en\" id=\"portfolio-5641\">\n\t<div class=\"portfolio-holder\">\n\t\t<div class=\"portfolio-inner \" style=\"padding-bottom: 126.66996536368%;\">\n\t\t\t\t\t\t\t<div class=\"thb-placeholder\">\n\t\t\t\t\t<img loading=\"lazy\" decoding=\"async\" width=\"1920\" height=\"2432\" src=\"https:\/\/www.dorotheedemonfreid.fr\/web\/wp-content\/uploads\/2025\/10\/Calendrier_ALMDF_Verso_transparent-scaled.gif\" class=\"attachment-werkstatt-masonry-3x size-werkstatt-masonry-3x thb-lazyload lazyload wp-post-image\" alt=\"\" sizes=\"auto, (max-width: 1920px) 100vw, 1920px\" data-src=\"https:\/\/www.dorotheedemonfreid.fr\/web\/wp-content\/uploads\/2025\/10\/Calendrier_ALMDF_Verso_transparent-scaled.gif\" data-sizes=\"auto\" data-srcset=\"https:\/\/www.dorotheedemonfreid.fr\/web\/wp-content\/uploads\/2025\/10\/Calendrier_ALMDF_Verso_transparent-scaled.gif 2021w, https:\/\/www.dorotheedemonfreid.fr\/web\/wp-content\/uploads\/2025\/10\/Calendrier_ALMDF_Verso_transparent-scaled-324x410.gif 324w, https:\/\/www.dorotheedemonfreid.fr\/web\/wp-content\/uploads\/2025\/10\/Calendrier_ALMDF_Verso_transparent-scaled-416x527.gif 416w\" \/>\t\t\t\t\t\t\t\t\t<\/div>\n\t\t\t\t\t\t\t\t<\/div>\n\t\t<h2><span>\u00c0 la M\u00e8re de Famille \/ Advent Calendar<\/span><\/h2>\n\t\t<aside class=\"thb-categories\"><span>And also, Livres<\/span><\/aside>\n\t<\/div>\n<\/a>\n<a href=\"https:\/\/www.dorotheedemonfreid.fr\/en\/contes-des-toutous\/\" class=\"columns type-portfolio medium-4 large-2 thb-scale   thb-cat-livres-en style2 post-5572 portfolio status-publish has-post-thumbnail hentry tag-children tag-comic tag-for-all tag-lecole-des-loisirs-2 tag-les-toutous-en tag-tout-public portfolio-category-livres-en\" id=\"portfolio-5572\">\n\t<div class=\"portfolio-holder\">\n\t\t<div class=\"portfolio-inner \" style=\"padding-bottom: 139.11353032659%;\">\n\t\t\t\t\t\t\t<div class=\"thb-placeholder\">\n\t\t\t\t\t<img loading=\"lazy\" decoding=\"async\" width=\"1286\" height=\"1789\" src=\"https:\/\/www.dorotheedemonfreid.fr\/web\/wp-content\/uploads\/2025\/09\/Couv_Contes-20x28.png\" class=\"attachment-werkstatt-masonry-3x size-werkstatt-masonry-3x thb-lazyload lazyload wp-post-image\" alt=\"\" sizes=\"auto, (max-width: 1286px) 100vw, 1286px\" data-src=\"https:\/\/www.dorotheedemonfreid.fr\/web\/wp-content\/uploads\/2025\/09\/Couv_Contes.png\" data-sizes=\"auto\" data-srcset=\"https:\/\/www.dorotheedemonfreid.fr\/web\/wp-content\/uploads\/2025\/09\/Couv_Contes.png 1286w, https:\/\/www.dorotheedemonfreid.fr\/web\/wp-content\/uploads\/2025\/09\/Couv_Contes-216x300.png 216w, https:\/\/www.dorotheedemonfreid.fr\/web\/wp-content\/uploads\/2025\/09\/Couv_Contes-108x150.png 108w, https:\/\/www.dorotheedemonfreid.fr\/web\/wp-content\/uploads\/2025\/09\/Couv_Contes-768x1068.png 768w, https:\/\/www.dorotheedemonfreid.fr\/web\/wp-content\/uploads\/2025\/09\/Couv_Contes-1104x1536.png 1104w, https:\/\/www.dorotheedemonfreid.fr\/web\/wp-content\/uploads\/2025\/09\/Couv_Contes-640x890.png 640w, https:\/\/www.dorotheedemonfreid.fr\/web\/wp-content\/uploads\/2025\/09\/Couv_Contes-320x445.png 320w, https:\/\/www.dorotheedemonfreid.fr\/web\/wp-content\/uploads\/2025\/09\/Couv_Contes-1280x1781.png 1280w, https:\/\/www.dorotheedemonfreid.fr\/web\/wp-content\/uploads\/2025\/09\/Couv_Contes-20x28.png 20w, https:\/\/www.dorotheedemonfreid.fr\/web\/wp-content\/uploads\/2025\/09\/Couv_Contes-600x835.png 600w\" \/>\t\t\t\t\t\t\t\t\t<\/div>\n\t\t\t\t\t\t\t\t<\/div>\n\t\t<h2><span>The Super Doggy Story Book<\/span><\/h2>\n\t\t<aside class=\"thb-categories\"><span>Livres<\/span><\/aside>\n\t<\/div>\n<\/a>\n<a href=\"https:\/\/www.dorotheedemonfreid.fr\/en\/fantaisie-lyrique\/\" class=\"columns type-portfolio medium-4 large-2 thb-scale   thb-cat-livres-en style2 post-5574 portfolio status-publish has-post-thumbnail hentry tag-adulte-en tag-bande-dessinee tag-comic tag-tout-public-en tag-tout-public portfolio-category-livres-en\" id=\"portfolio-5574\">\n\t<div class=\"portfolio-holder\">\n\t\t<div class=\"portfolio-inner \" style=\"padding-bottom: 136.16177636796%;\">\n\t\t\t\t\t\t\t<div class=\"thb-placeholder\">\n\t\t\t\t\t<img loading=\"lazy\" decoding=\"async\" width=\"1261\" height=\"1717\" src=\"https:\/\/www.dorotheedemonfreid.fr\/web\/wp-content\/uploads\/2025\/09\/Couv_FANTAISIE-LYRIQUE_petit-20x27.jpg\" class=\"attachment-werkstatt-masonry-3x size-werkstatt-masonry-3x thb-lazyload lazyload wp-post-image\" alt=\"\" sizes=\"auto, (max-width: 1261px) 100vw, 1261px\" data-src=\"https:\/\/www.dorotheedemonfreid.fr\/web\/wp-content\/uploads\/2025\/09\/Couv_FANTAISIE-LYRIQUE_petit.jpg\" data-sizes=\"auto\" data-srcset=\"https:\/\/www.dorotheedemonfreid.fr\/web\/wp-content\/uploads\/2025\/09\/Couv_FANTAISIE-LYRIQUE_petit.jpg 1261w, https:\/\/www.dorotheedemonfreid.fr\/web\/wp-content\/uploads\/2025\/09\/Couv_FANTAISIE-LYRIQUE_petit-220x300.jpg 220w, https:\/\/www.dorotheedemonfreid.fr\/web\/wp-content\/uploads\/2025\/09\/Couv_FANTAISIE-LYRIQUE_petit-110x150.jpg 110w, https:\/\/www.dorotheedemonfreid.fr\/web\/wp-content\/uploads\/2025\/09\/Couv_FANTAISIE-LYRIQUE_petit-768x1046.jpg 768w, https:\/\/www.dorotheedemonfreid.fr\/web\/wp-content\/uploads\/2025\/09\/Couv_FANTAISIE-LYRIQUE_petit-1128x1536.jpg 1128w, https:\/\/www.dorotheedemonfreid.fr\/web\/wp-content\/uploads\/2025\/09\/Couv_FANTAISIE-LYRIQUE_petit-640x871.jpg 640w, https:\/\/www.dorotheedemonfreid.fr\/web\/wp-content\/uploads\/2025\/09\/Couv_FANTAISIE-LYRIQUE_petit-320x436.jpg 320w, https:\/\/www.dorotheedemonfreid.fr\/web\/wp-content\/uploads\/2025\/09\/Couv_FANTAISIE-LYRIQUE_petit-20x27.jpg 20w, https:\/\/www.dorotheedemonfreid.fr\/web\/wp-content\/uploads\/2025\/09\/Couv_FANTAISIE-LYRIQUE_petit-600x817.jpg 600w\" \/>\t\t\t\t\t\t\t\t\t<\/div>\n\t\t\t\t\t\t\t\t<\/div>\n\t\t<h2><span>A Lyric Fantasy<\/span><\/h2>\n\t\t<aside class=\"thb-categories\"><span>Livres<\/span><\/aside>\n\t<\/div>\n<\/a>\n<a href=\"https:\/\/www.dorotheedemonfreid.fr\/en\/formidable\/\" class=\"columns type-portfolio medium-4 large-2 thb-scale   thb-cat-livres-en style2 post-5576 portfolio status-publish has-post-thumbnail hentry tag-adulte-en tag-bande-dessinee tag-comic tag-tout-public-en portfolio-category-livres-en\" id=\"portfolio-5576\">\n\t<div class=\"portfolio-holder\">\n\t\t<div class=\"portfolio-inner \" style=\"padding-bottom: 138.6031402274%;\">\n\t\t\t\t\t\t\t<div class=\"thb-placeholder\">\n\t\t\t\t\t<img loading=\"lazy\" decoding=\"async\" width=\"1920\" height=\"2661\" src=\"https:\/\/www.dorotheedemonfreid.fr\/web\/wp-content\/uploads\/2024\/03\/Couv_FORMIDABLE-20x28.jpg\" class=\"attachment-werkstatt-masonry-3x size-werkstatt-masonry-3x thb-lazyload lazyload wp-post-image\" alt=\"\" sizes=\"auto, (max-width: 1920px) 100vw, 1920px\" data-src=\"https:\/\/www.dorotheedemonfreid.fr\/web\/wp-content\/uploads\/2024\/03\/Couv_FORMIDABLE-1920x2661.jpg\" data-sizes=\"auto\" data-srcset=\"https:\/\/www.dorotheedemonfreid.fr\/web\/wp-content\/uploads\/2024\/03\/Couv_FORMIDABLE-1920x2661.jpg 1920w, https:\/\/www.dorotheedemonfreid.fr\/web\/wp-content\/uploads\/2024\/03\/Couv_FORMIDABLE-216x300.jpg 216w, https:\/\/www.dorotheedemonfreid.fr\/web\/wp-content\/uploads\/2024\/03\/Couv_FORMIDABLE-108x150.jpg 108w, https:\/\/www.dorotheedemonfreid.fr\/web\/wp-content\/uploads\/2024\/03\/Couv_FORMIDABLE-768x1065.jpg 768w, https:\/\/www.dorotheedemonfreid.fr\/web\/wp-content\/uploads\/2024\/03\/Couv_FORMIDABLE-1108x1536.jpg 1108w, https:\/\/www.dorotheedemonfreid.fr\/web\/wp-content\/uploads\/2024\/03\/Couv_FORMIDABLE-1478x2048.jpg 1478w, https:\/\/www.dorotheedemonfreid.fr\/web\/wp-content\/uploads\/2024\/03\/Couv_FORMIDABLE-640x887.jpg 640w, https:\/\/www.dorotheedemonfreid.fr\/web\/wp-content\/uploads\/2024\/03\/Couv_FORMIDABLE-320x444.jpg 320w, https:\/\/www.dorotheedemonfreid.fr\/web\/wp-content\/uploads\/2024\/03\/Couv_FORMIDABLE-1280x1774.jpg 1280w, https:\/\/www.dorotheedemonfreid.fr\/web\/wp-content\/uploads\/2024\/03\/Couv_FORMIDABLE-20x28.jpg 20w, https:\/\/www.dorotheedemonfreid.fr\/web\/wp-content\/uploads\/2024\/03\/Couv_FORMIDABLE-600x832.jpg 600w, https:\/\/www.dorotheedemonfreid.fr\/web\/wp-content\/uploads\/2024\/03\/Couv_FORMIDABLE-scaled.jpg 1847w\" \/>\t\t\t\t\t\t\t\t\t<\/div>\n\t\t\t\t\t\t\t\t<\/div>\n\t\t<h2><span>Formidable<\/span><\/h2>\n\t\t<aside class=\"thb-categories\"><span>Livres<\/span><\/aside>\n\t<\/div>\n<\/a>\n<a href=\"https:\/\/www.dorotheedemonfreid.fr\/en\/tres-tres-gros-gateau-au-chocolat\/\" class=\"columns type-portfolio medium-4 large-2 thb-scale   thb-cat-les-toutous-en thb-cat-livres-en style2 post-4822 portfolio status-publish has-post-thumbnail hentry tag-children tag-jeunesse tag-lecole-des-loisirs tag-lecole-des-loisirs-2 tag-les-toutous-en portfolio-category-les-toutous-en portfolio-category-livres-en\" id=\"portfolio-4822\">\n\t<div class=\"portfolio-holder\">\n\t\t<div class=\"portfolio-inner \" style=\"padding-bottom: 123.0177799135%;\">\n\t\t\t\t\t\t\t<div class=\"thb-placeholder\">\n\t\t\t\t\t<img loading=\"lazy\" decoding=\"async\" width=\"1920\" height=\"2362\" src=\"https:\/\/www.dorotheedemonfreid.fr\/web\/wp-content\/uploads\/2023\/09\/Couv-toutous-GrosGateau-Vignette-20x25.jpg\" class=\"attachment-werkstatt-masonry-3x size-werkstatt-masonry-3x thb-lazyload lazyload wp-post-image\" alt=\"\" sizes=\"auto, (max-width: 1920px) 100vw, 1920px\" data-src=\"https:\/\/www.dorotheedemonfreid.fr\/web\/wp-content\/uploads\/2023\/09\/Couv-toutous-GrosGateau-Vignette-1920x2362.jpg\" data-sizes=\"auto\" data-srcset=\"https:\/\/www.dorotheedemonfreid.fr\/web\/wp-content\/uploads\/2023\/09\/Couv-toutous-GrosGateau-Vignette-1920x2362.jpg 1920w, https:\/\/www.dorotheedemonfreid.fr\/web\/wp-content\/uploads\/2023\/09\/Couv-toutous-GrosGateau-Vignette-244x300.jpg 244w, https:\/\/www.dorotheedemonfreid.fr\/web\/wp-content\/uploads\/2023\/09\/Couv-toutous-GrosGateau-Vignette-122x150.jpg 122w, https:\/\/www.dorotheedemonfreid.fr\/web\/wp-content\/uploads\/2023\/09\/Couv-toutous-GrosGateau-Vignette-768x945.jpg 768w, https:\/\/www.dorotheedemonfreid.fr\/web\/wp-content\/uploads\/2023\/09\/Couv-toutous-GrosGateau-Vignette-1249x1536.jpg 1249w, https:\/\/www.dorotheedemonfreid.fr\/web\/wp-content\/uploads\/2023\/09\/Couv-toutous-GrosGateau-Vignette-1665x2048.jpg 1665w, https:\/\/www.dorotheedemonfreid.fr\/web\/wp-content\/uploads\/2023\/09\/Couv-toutous-GrosGateau-Vignette-640x787.jpg 640w, https:\/\/www.dorotheedemonfreid.fr\/web\/wp-content\/uploads\/2023\/09\/Couv-toutous-GrosGateau-Vignette-320x394.jpg 320w, https:\/\/www.dorotheedemonfreid.fr\/web\/wp-content\/uploads\/2023\/09\/Couv-toutous-GrosGateau-Vignette-1280x1575.jpg 1280w, https:\/\/www.dorotheedemonfreid.fr\/web\/wp-content\/uploads\/2023\/09\/Couv-toutous-GrosGateau-Vignette-20x25.jpg 20w, https:\/\/www.dorotheedemonfreid.fr\/web\/wp-content\/uploads\/2023\/09\/Couv-toutous-GrosGateau-Vignette-600x738.jpg 600w\" \/>\t\t\t\t\t\t\t\t\t<\/div>\n\t\t\t\t\t\t\t\t<\/div>\n\t\t<h2><span>A very very huge chocolate cake<\/span><\/h2>\n\t\t<aside class=\"thb-categories\"><span>Les toutous, Livres<\/span><\/aside>\n\t<\/div>\n<\/a>\n<a href=\"https:\/\/www.dorotheedemonfreid.fr\/en\/mari-moto-tome-2\/\" class=\"columns type-portfolio medium-4 large-2 thb-scale   thb-cat-livres-en style2 post-4819 portfolio status-publish has-post-thumbnail hentry tag-children tag-comic tag-mari-moto-en tag-seuil-en portfolio-category-livres-en\" id=\"portfolio-4819\">\n\t<div class=\"portfolio-holder\">\n\t\t<div class=\"portfolio-inner \" style=\"padding-bottom: 122.97297297297%;\">\n\t\t\t\t\t\t\t<div class=\"thb-placeholder\">\n\t\t\t\t\t<img loading=\"lazy\" decoding=\"async\" width=\"1036\" height=\"1274\" src=\"https:\/\/www.dorotheedemonfreid.fr\/web\/wp-content\/uploads\/2022\/09\/Couv_MariMoto_tome2_couv_portfolio-20x25.jpg\" class=\"attachment-werkstatt-masonry-3x size-werkstatt-masonry-3x thb-lazyload lazyload wp-post-image\" alt=\"\" sizes=\"auto, (max-width: 1036px) 100vw, 1036px\" data-src=\"https:\/\/www.dorotheedemonfreid.fr\/web\/wp-content\/uploads\/2022\/09\/Couv_MariMoto_tome2_couv_portfolio.jpg\" data-sizes=\"auto\" data-srcset=\"https:\/\/www.dorotheedemonfreid.fr\/web\/wp-content\/uploads\/2022\/09\/Couv_MariMoto_tome2_couv_portfolio.jpg 1036w, https:\/\/www.dorotheedemonfreid.fr\/web\/wp-content\/uploads\/2022\/09\/Couv_MariMoto_tome2_couv_portfolio-244x300.jpg 244w, https:\/\/www.dorotheedemonfreid.fr\/web\/wp-content\/uploads\/2022\/09\/Couv_MariMoto_tome2_couv_portfolio-122x150.jpg 122w, https:\/\/www.dorotheedemonfreid.fr\/web\/wp-content\/uploads\/2022\/09\/Couv_MariMoto_tome2_couv_portfolio-768x944.jpg 768w, https:\/\/www.dorotheedemonfreid.fr\/web\/wp-content\/uploads\/2022\/09\/Couv_MariMoto_tome2_couv_portfolio-640x787.jpg 640w, https:\/\/www.dorotheedemonfreid.fr\/web\/wp-content\/uploads\/2022\/09\/Couv_MariMoto_tome2_couv_portfolio-320x394.jpg 320w, https:\/\/www.dorotheedemonfreid.fr\/web\/wp-content\/uploads\/2022\/09\/Couv_MariMoto_tome2_couv_portfolio-20x25.jpg 20w, https:\/\/www.dorotheedemonfreid.fr\/web\/wp-content\/uploads\/2022\/09\/Couv_MariMoto_tome2_couv_portfolio-600x738.jpg 600w\" \/>\t\t\t\t\t\t\t\t\t<\/div>\n\t\t\t\t\t\t\t\t<\/div>\n\t\t<h2><span>Mari Moto \/ volume 2<\/span><\/h2>\n\t\t<aside class=\"thb-categories\"><span>Livres<\/span><\/aside>\n\t<\/div>\n<\/a>\n\t\t\t\t\t\t<div class=\"thb-preloader \"><svg class=\"thb-preloader-icon-circle\" width=\"65px\" height=\"65px\" viewBox=\"0 0 66 66\" xmlns=\"http:\/\/www.w3.org\/2000\/svg\">\n   <circle class=\"path\" fill=\"none\" stroke-width=\"4\" stroke-linecap=\"round\" cx=\"33\" cy=\"33\" r=\"30\"><\/circle>\n<\/svg><\/div>\n\t\t\t\t\t<\/div>\n\t\t\t\t<div class=\"text-center\">\n\t\t\t<a class=\"masonry_btn btn \" href=\"#\" id=\"loadmore-394\" title=\"Load More\"><span>Load More<\/span><\/a>\n\t\t<\/div>\n\t\t\t\t[vc_empty_space height=&#8221;30px&#8221;][\/vc_column_inner][\/vc_row_inner][\/vc_column][\/vc_row][vc_row thb_full_width=&#8221;true&#8221; content_placement=&#8221;middle&#8221; parallax=&#8221;content-moving&#8221; parallax_speed_bg=&#8221;1.7&#8243; thb_divider_position=&#8221;bottom&#8221; el_class=&#8221;align-center&#8221; css=&#8221;.vc_custom_1736854097952{background-position: center;background-repeat: no-repeat !important;background-size: cover !important;}&#8221;][vc_column][vc_row_inner content_placement=&#8221;middle&#8221; el_class=&#8221;app-allotoutou&#8221;][vc_column_inner][vc_single_image image=&#8221;5028&#8243; img_size=&#8221;full&#8221; alignment=&#8221;center&#8221; onclick=&#8221;custom_link&#8221; img_link_target=&#8221;_blank&#8221; css_animation=&#8221;fadeIn&#8221; link=&#8221;https:\/\/apps.apple.com\/fr\/app\/id1047789975&#8243;][\/vc_column_inner][\/vc_row_inner][\/vc_column][\/vc_row][vc_row thb_full_width=&#8221;true&#8221; thb_divider_position=&#8221;bottom&#8221; el_class=&#8221;accueil-footer-spacer&#8221;][vc_column][vc_empty_space height=&#8221;25px&#8221;][\/vc_column][\/vc_row][vc_row thb_full_width=&#8221;true&#8221; thb_row_padding=&#8221;true&#8221; content_placement=&#8221;middle&#8221; parallax=&#8221;content-moving&#8221; thb_divider_position=&#8221;bottom&#8221; el_class=&#8221;accueil-footer&#8221;][vc_column width=&#8221;1\/3&#8243;][\/vc_column][vc_column width=&#8221;1\/3&#8243; animation=&#8221;animation fade-in&#8221;]\t<div id=\"thb-image-69f3d6dc12f96\" class=\"caption-style1  aligncenter   thb_image_link wp-caption\">\n\t\t\t<div class=\"thb-image-inner size_100\">\n\t\t\t<img loading=\"lazy\" decoding=\"async\" width=\"800\" height=\"486\" src=\"https:\/\/www.dorotheedemonfreid.fr\/web\/wp-content\/uploads\/2019\/09\/toutous_bas.png\" class=\"thb_image   thb-ignore-lazyload attachment-full thb-lazyload lazyload\" alt=\"\" title=\"toutous_bas\" sizes=\"auto, (max-width: 800px) 100vw, 800px\" data-src=\"https:\/\/www.dorotheedemonfreid.fr\/web\/wp-content\/uploads\/2019\/09\/toutous_bas.png\" data-sizes=\"auto\" data-srcset=\"https:\/\/www.dorotheedemonfreid.fr\/web\/wp-content\/uploads\/2019\/09\/toutous_bas.png 800w, https:\/\/www.dorotheedemonfreid.fr\/web\/wp-content\/uploads\/2019\/09\/toutous_bas-600x365.png 600w, https:\/\/www.dorotheedemonfreid.fr\/web\/wp-content\/uploads\/2019\/09\/toutous_bas-247x150.png 247w, https:\/\/www.dorotheedemonfreid.fr\/web\/wp-content\/uploads\/2019\/09\/toutous_bas-494x300.png 494w, https:\/\/www.dorotheedemonfreid.fr\/web\/wp-content\/uploads\/2019\/09\/toutous_bas-768x467.png 768w, https:\/\/www.dorotheedemonfreid.fr\/web\/wp-content\/uploads\/2019\/09\/toutous_bas-640x389.png 640w, https:\/\/www.dorotheedemonfreid.fr\/web\/wp-content\/uploads\/2019\/09\/toutous_bas-20x12.png 20w, https:\/\/www.dorotheedemonfreid.fr\/web\/wp-content\/uploads\/2019\/09\/toutous_bas-320x194.png 320w\" \/>\n\t\t<\/div>\n\t\t\t\t\t<\/div>\n\t[\/vc_column][vc_column width=&#8221;1\/3&#8243;][\/vc_column][\/vc_row]\n<\/div>","protected":false},"excerpt":{"rendered":"<p>[vc_row thb_full_width=&#8221;true&#8221; thb_row_padding=&#8221;true&#8221; thb_column_padding=&#8221;true&#8221; thb_color=&#8221;light-title&#8221; full_height=&#8221;yes&#8221; content_placement=&#8221;middle&#8221; parallax=&#8221;content-moving&#8221; parallax_image=&#8221;4959&#8243; thb_divider_position=&#8221;bottom&#8221; el_class=&#8221;align-center header-row&#8221; css=&#8221;.vc_custom_1774387722235{background-color: #ffffff !important;background-position: center;background-repeat: no-repeat !important;background-size: cover !important;}&#8221;][vc_column][vc_row_inner][vc_column_inner][vc_single_image img_size=&#8221;full&#8221; alignment=&#8221;center&#8221; onclick=&#8221;custom_link&#8221; link=&#8221;https:\/\/www.dorotheedemonfreid.fr\/en\/portfolio\/&#8221;][\/vc_column_inner][\/vc_row_inner][\/vc_column][\/vc_row][vc_row thb_full_width=&#8221;true&#8221; thb_row_padding=&#8221;true&#8221; thb_column_padding=&#8221;true&#8221; full_height=&#8221;yes&#8221; content_placement=&#8221;middle&#8221; parallax=&#8221;content-moving&#8221; parallax_image=&#8221;1880&#8243; parallax_speed_bg=&#8221;1.6&#8243;&hellip;<\/p>\n","protected":false},"author":2,"featured_media":0,"parent":0,"menu_order":0,"comment_status":"closed","ping_status":"closed","template":"","meta":{"_acf_changed":false,"footnotes":""},"class_list":["post-1012","page","type-page","status-publish","hentry"],"acf":[],"yoast_head":"<title>Doroth\u00e9e de Monfreid &#8226; official website<\/title>\n<meta name=\"description\" content=\"dessins, histoires \/ drawings, stories\" \/>\n<meta name=\"robots\" content=\"index, follow, max-snippet:-1, max-image-preview:large, max-video-preview:-1\" \/>\n<link rel=\"canonical\" href=\"https:\/\/www.dorotheedemonfreid.fr\/en\/\" \/>\n<meta property=\"og:locale\" content=\"en_US\" \/>\n<meta property=\"og:type\" content=\"article\" \/>\n<meta property=\"og:title\" content=\"Doroth\u00e9e de Monfreid &#8226; official website\" \/>\n<meta property=\"og:description\" content=\"dessins, histoires \/ drawings, stories\" \/>\n<meta property=\"og:url\" content=\"https:\/\/www.dorotheedemonfreid.fr\/en\/\" \/>\n<meta property=\"og:site_name\" content=\"Doroth\u00e9e de Monfreid\" \/>\n<meta property=\"article:publisher\" content=\"https:\/\/www.facebook.com\/DorotheeDeMonfreid\" \/>\n<meta property=\"article:modified_time\" content=\"2026-03-24T21:28:59+00:00\" \/>\n<meta property=\"og:image\" content=\"https:\/\/www.dorotheedemonfreid.fr\/web\/wp-content\/uploads\/2019\/04\/DorotheeDeMonfreid_Clic_Fb.jpg\" \/>\n\t<meta property=\"og:image:width\" content=\"1200\" \/>\n\t<meta property=\"og:image:height\" content=\"630\" \/>\n\t<meta property=\"og:image:type\" content=\"image\/jpeg\" \/>\n<meta name=\"twitter:card\" content=\"summary_large_image\" \/>\n<meta name=\"twitter:site\" content=\"@DdeMonfreid\" \/>\n<script type=\"application\/ld+json\" class=\"yoast-schema-graph\">{\"@context\":\"https:\\\/\\\/schema.org\",\"@graph\":[{\"@type\":\"WebPage\",\"@id\":\"https:\\\/\\\/www.dorotheedemonfreid.fr\\\/en\\\/\",\"url\":\"https:\\\/\\\/www.dorotheedemonfreid.fr\\\/en\\\/\",\"name\":\"Doroth\u00e9e de Monfreid &#8226; official website\",\"isPartOf\":{\"@id\":\"https:\\\/\\\/www.dorotheedemonfreid.fr\\\/en\\\/#website\"},\"datePublished\":\"2019-02-09T13:14:33+00:00\",\"dateModified\":\"2026-03-24T21:28:59+00:00\",\"description\":\"dessins, histoires \\\/ drawings, stories\",\"breadcrumb\":{\"@id\":\"https:\\\/\\\/www.dorotheedemonfreid.fr\\\/en\\\/#breadcrumb\"},\"inLanguage\":\"en-US\",\"potentialAction\":[{\"@type\":\"ReadAction\",\"target\":[\"https:\\\/\\\/www.dorotheedemonfreid.fr\\\/en\\\/\"]}]},{\"@type\":\"BreadcrumbList\",\"@id\":\"https:\\\/\\\/www.dorotheedemonfreid.fr\\\/en\\\/#breadcrumb\",\"itemListElement\":[{\"@type\":\"ListItem\",\"position\":1,\"name\":\"Accueil\",\"item\":\"https:\\\/\\\/www.dorotheedemonfreid.fr\\\/en\\\/\"},{\"@type\":\"ListItem\",\"position\":2,\"name\":\"Home\"}]},{\"@type\":\"WebSite\",\"@id\":\"https:\\\/\\\/www.dorotheedemonfreid.fr\\\/en\\\/#website\",\"url\":\"https:\\\/\\\/www.dorotheedemonfreid.fr\\\/en\\\/\",\"name\":\"Doroth\u00e9e de Monfreid\",\"description\":\"dessins, histoires \\\/ drawings, stories\",\"publisher\":{\"@id\":\"https:\\\/\\\/www.dorotheedemonfreid.fr\\\/en\\\/#\\\/schema\\\/person\\\/513493f2fb6369b01bf14a596da2d961\"},\"potentialAction\":[{\"@type\":\"SearchAction\",\"target\":{\"@type\":\"EntryPoint\",\"urlTemplate\":\"https:\\\/\\\/www.dorotheedemonfreid.fr\\\/en\\\/?s={search_term_string}\"},\"query-input\":{\"@type\":\"PropertyValueSpecification\",\"valueRequired\":true,\"valueName\":\"search_term_string\"}}],\"inLanguage\":\"en-US\"},{\"@type\":[\"Person\",\"Organization\"],\"@id\":\"https:\\\/\\\/www.dorotheedemonfreid.fr\\\/en\\\/#\\\/schema\\\/person\\\/513493f2fb6369b01bf14a596da2d961\",\"name\":\"Doroth\u00e9e\",\"image\":{\"@type\":\"ImageObject\",\"inLanguage\":\"en-US\",\"@id\":\"https:\\\/\\\/www.dorotheedemonfreid.fr\\\/web\\\/wp-content\\\/uploads\\\/2019\\\/04\\\/Dorothee-de-Monfreid-site.jpg\",\"url\":\"https:\\\/\\\/www.dorotheedemonfreid.fr\\\/web\\\/wp-content\\\/uploads\\\/2019\\\/04\\\/Dorothee-de-Monfreid-site.jpg\",\"contentUrl\":\"https:\\\/\\\/www.dorotheedemonfreid.fr\\\/web\\\/wp-content\\\/uploads\\\/2019\\\/04\\\/Dorothee-de-Monfreid-site.jpg\",\"width\":675,\"height\":675,\"caption\":\"Doroth\u00e9e\"},\"logo\":{\"@id\":\"https:\\\/\\\/www.dorotheedemonfreid.fr\\\/web\\\/wp-content\\\/uploads\\\/2019\\\/04\\\/Dorothee-de-Monfreid-site.jpg\"},\"description\":\"site officiel\",\"sameAs\":[\"https:\\\/\\\/www.dorotheedemonfreid.fr\\\/\",\"https:\\\/\\\/www.facebook.com\\\/DorotheeDeMonfreid\",\"https:\\\/\\\/www.instagram.com\\\/dorotheedemonfreid\\\/\",\"https:\\\/\\\/x.com\\\/DdeMonfreid\"]}]}<\/script>","yoast_head_json":{"title":"Doroth\u00e9e de Monfreid &#8226; official website","description":"dessins, histoires \/ drawings, stories","robots":{"index":"index","follow":"follow","max-snippet":"max-snippet:-1","max-image-preview":"max-image-preview:large","max-video-preview":"max-video-preview:-1"},"canonical":"https:\/\/www.dorotheedemonfreid.fr\/en\/","og_locale":"en_US","og_type":"article","og_title":"Doroth\u00e9e de Monfreid &#8226; official website","og_description":"dessins, histoires \/ drawings, stories","og_url":"https:\/\/www.dorotheedemonfreid.fr\/en\/","og_site_name":"Doroth\u00e9e de Monfreid","article_publisher":"https:\/\/www.facebook.com\/DorotheeDeMonfreid","article_modified_time":"2026-03-24T21:28:59+00:00","og_image":[{"width":1200,"height":630,"url":"https:\/\/www.dorotheedemonfreid.fr\/web\/wp-content\/uploads\/2019\/04\/DorotheeDeMonfreid_Clic_Fb.jpg","type":"image\/jpeg"}],"twitter_card":"summary_large_image","twitter_site":"@DdeMonfreid","schema":{"@context":"https:\/\/schema.org","@graph":[{"@type":"WebPage","@id":"https:\/\/www.dorotheedemonfreid.fr\/en\/","url":"https:\/\/www.dorotheedemonfreid.fr\/en\/","name":"Doroth\u00e9e de Monfreid &#8226; official website","isPartOf":{"@id":"https:\/\/www.dorotheedemonfreid.fr\/en\/#website"},"datePublished":"2019-02-09T13:14:33+00:00","dateModified":"2026-03-24T21:28:59+00:00","description":"dessins, histoires \/ drawings, stories","breadcrumb":{"@id":"https:\/\/www.dorotheedemonfreid.fr\/en\/#breadcrumb"},"inLanguage":"en-US","potentialAction":[{"@type":"ReadAction","target":["https:\/\/www.dorotheedemonfreid.fr\/en\/"]}]},{"@type":"BreadcrumbList","@id":"https:\/\/www.dorotheedemonfreid.fr\/en\/#breadcrumb","itemListElement":[{"@type":"ListItem","position":1,"name":"Accueil","item":"https:\/\/www.dorotheedemonfreid.fr\/en\/"},{"@type":"ListItem","position":2,"name":"Home"}]},{"@type":"WebSite","@id":"https:\/\/www.dorotheedemonfreid.fr\/en\/#website","url":"https:\/\/www.dorotheedemonfreid.fr\/en\/","name":"Doroth\u00e9e de Monfreid","description":"dessins, histoires \/ drawings, stories","publisher":{"@id":"https:\/\/www.dorotheedemonfreid.fr\/en\/#\/schema\/person\/513493f2fb6369b01bf14a596da2d961"},"potentialAction":[{"@type":"SearchAction","target":{"@type":"EntryPoint","urlTemplate":"https:\/\/www.dorotheedemonfreid.fr\/en\/?s={search_term_string}"},"query-input":{"@type":"PropertyValueSpecification","valueRequired":true,"valueName":"search_term_string"}}],"inLanguage":"en-US"},{"@type":["Person","Organization"],"@id":"https:\/\/www.dorotheedemonfreid.fr\/en\/#\/schema\/person\/513493f2fb6369b01bf14a596da2d961","name":"Doroth\u00e9e","image":{"@type":"ImageObject","inLanguage":"en-US","@id":"https:\/\/www.dorotheedemonfreid.fr\/web\/wp-content\/uploads\/2019\/04\/Dorothee-de-Monfreid-site.jpg","url":"https:\/\/www.dorotheedemonfreid.fr\/web\/wp-content\/uploads\/2019\/04\/Dorothee-de-Monfreid-site.jpg","contentUrl":"https:\/\/www.dorotheedemonfreid.fr\/web\/wp-content\/uploads\/2019\/04\/Dorothee-de-Monfreid-site.jpg","width":675,"height":675,"caption":"Doroth\u00e9e"},"logo":{"@id":"https:\/\/www.dorotheedemonfreid.fr\/web\/wp-content\/uploads\/2019\/04\/Dorothee-de-Monfreid-site.jpg"},"description":"site officiel","sameAs":["https:\/\/www.dorotheedemonfreid.fr\/","https:\/\/www.facebook.com\/DorotheeDeMonfreid","https:\/\/www.instagram.com\/dorotheedemonfreid\/","https:\/\/x.com\/DdeMonfreid"]}]}},"_links":{"self":[{"href":"https:\/\/www.dorotheedemonfreid.fr\/en\/wp-json\/wp\/v2\/pages\/1012","targetHints":{"allow":["GET"]}}],"collection":[{"href":"https:\/\/www.dorotheedemonfreid.fr\/en\/wp-json\/wp\/v2\/pages"}],"about":[{"href":"https:\/\/www.dorotheedemonfreid.fr\/en\/wp-json\/wp\/v2\/types\/page"}],"author":[{"embeddable":true,"href":"https:\/\/www.dorotheedemonfreid.fr\/en\/wp-json\/wp\/v2\/users\/2"}],"replies":[{"embeddable":true,"href":"https:\/\/www.dorotheedemonfreid.fr\/en\/wp-json\/wp\/v2\/comments?post=1012"}],"version-history":[{"count":0,"href":"https:\/\/www.dorotheedemonfreid.fr\/en\/wp-json\/wp\/v2\/pages\/1012\/revisions"}],"wp:attachment":[{"href":"https:\/\/www.dorotheedemonfreid.fr\/en\/wp-json\/wp\/v2\/media?parent=1012"}],"curies":[{"name":"wp","href":"https:\/\/api.w.org\/{rel}","templated":true}]}}